{"version":"1.0","provider_name":"Pillanat","provider_url":"https:\/\/pillanat.cafeblog.hu","author_name":"Christy","author_url":"https:\/\/pillanat.cafeblog.hu\/author\/krisztina-gerseigmail-com\/","title":"\u00c1llati festm\u00e9ny","html":"<p>Nem, nem festettem m\u00e9g \u00e1llatokat. Magam se tudom mi\u00e9rt. Azt hiszem, nagy feladatnak t\u0171nt. <br \/>De v\u00e9g\u00fcl egyik koll\u00e9gan\u0151m k\u00e9r\u00e9s\u00e9re belev\u00e1gtam m\u00e9gis. Delfint k\u00e9rt \u00e9s ez viszonylag egyszer\u0171 feladatnak hatott. Hiszen delfint mindenki tud rajzolni. Gondoltam, akkor a fest\u00e9ssel se lehet gond.<\/p>\r\n<p>\u00c9s igaz\u00e1b\u00f3l nem is volt. Csak \u00faj volt m\u00e9g az \u00e9rz\u00e9s. Izgultam, hogy a delfin val\u00f3ban delfin lesz-e, hogy \u00e9letre tudom-e kelteni p\u00e1r fest\u00e9k \u00e9s ecset seg\u00edts\u00e9g\u00e9vel.<\/p>\r\n<p>A munka v\u00e9ge fel\u00e9 viszont m\u00e1r \u00fagy belej\u00f6ttem a dologba, hogy a c\u00e1p\u00e1t m\u00e1r laza k\u00f6nnyeds\u00e9ggel kentem fel.<\/p>\r\n<p>Els\u0151re nem is lett rossz:)<\/p>\r\n<p><a href=\"https:\/\/pillanat.cafeblog.hu\/files\/2018\/02\/685C17DF-1C06-4FB1-BC0A-825106F4852F.jpeg\"><img class=\"size-medium wp-image-1346 alignnone\" src=\"https:\/\/pillanat.cafeblog.hu\/files\/2018\/02\/685C17DF-1C06-4FB1-BC0A-825106F4852F-300x223.jpeg\" alt=\"\" width=\"300\" height=\"223\" \/><\/a><\/p>\r\n<p>Festek majd m\u00e9g \u00e1llatokat, az m\u00e1r biztos. P\u00e9ld\u00e1ul hamarosan egy s\u00e1rk\u00e1nyt. De nem ugrom ennyire el\u0151re az id\u0151be. Amint utol\u00e9rem magam, \u00fagyis megl\u00e1tj\u00e1tok.<\/p>\r\n<p><a href=\"https:\/\/m.facebook.com\/BohemFestolany\/\">https:\/\/m.facebook.com\/BohemFestolany\/<\/a><\/p>","type":"rich","thumbnail_url":"https:\/\/pillanat.cafeblog.hu\/files\/2018\/02\/685C17DF-1C06-4FB1-BC0A-825106F4852F-150x150.jpeg","thumbnail_width":150,"thumbnail_height":150}